{"id":219,"date":"2024-09-11T13:04:32","date_gmt":"2024-09-11T13:04:32","guid":{"rendered":"https:\/\/www.polipolina.com\/?page_id=219"},"modified":"2025-01-20T16:18:24","modified_gmt":"2025-01-20T16:18:24","slug":"saksa-2025","status":"publish","type":"page","link":"https:\/\/www.polipolina.com\/index.php\/vaalit\/saksa-2025\/","title":{"rendered":"Saksan liittop\u00e4iv\u00e4vaalit 2025"},"content":{"rendered":"\n<p>Euroopan suurimmassa maassa Saksassa oli tarkoitus j\u00e4rjest\u00e4\u00e4 seuraavat parlamenttivaalit (liittop\u00e4iv\u00e4vaalit) 28. elokuuta 2025, mutta ne aikaistuivat p\u00e4iv\u00e4m\u00e4\u00e4r\u00e4lle 23.2.2025. <\/p>\n\n\n\n<p>Saksa on tosiaan mahtimaa mantereen keskell\u00e4, jonka tapahtumat vaikuttavat koko Eurooppaan ja Suomeenkin asti. Viimeiset vuosikymmenet Saksa on ollut Euroopan merkitt\u00e4v\u00e4mmist\u00e4 valtioista vakaan ja toimivan tuntuinen ja talous on ollut melko hyv\u00e4ss\u00e4 kunnossa. \u00c4\u00e4rioikeiston nousua saatiin odottaa pitk\u00e4lle 2010-luvulle asti ja Saksan talous puksutti eurokriisin keskell\u00e4kin ihan ok. Sittemmin infraan investoimatta j\u00e4tt\u00e4minen, kankea digitalisaatio ep\u00e4onnistunut energiauudistus ja id\u00e4n j\u00e4lkeenj\u00e4\u00e4neisyys ovat samaan aikaan osaltaan eskaloineet poliittisen kriisin tynk\u00e4\u00e4 Saksassa.<\/p>\n\n\n\n<p>Varsinkin viimeaikaisten osavaltiovaalien tulosten seurauksena on pel\u00e4tty \u00e4\u00e4rioikeiston AfD ja \u00e4\u00e4rivasemmiston <a href=\"https:\/\/www.polipolina.com\/index.php\/2024\/09\/15\/sahra-wagenknech-ja-bsw\/\" data-type=\"post\" data-id=\"191\">BSW <\/a>nousua, joka on n\u00e4kynyt erityisesti It\u00e4-Saksassa. <\/p>\n\n\n\n<p>6.11.2024 asioihin tuli viel\u00e4 kuitenkin uusi k\u00e4\u00e4nne kun liberaalipuolue FDP l\u00e4hti l\u00e4tkim\u00e4\u00e4n hallituksesta eik\u00e4 sill\u00e4 en\u00e4\u00e4 ollut enemmist\u00f6\u00e4. Kysymys kuuluukin pystyy SPD:n ja Vihreiden koalitio jatkamaan v\u00e4hemmist\u00f6hallituksena kauden loppuun vai n\u00e4hd\u00e4\u00e4nk\u00f6 Saksassa ennenaikaiset liittop\u00e4iv\u00e4vaalit jo ennen syyskuuta. Marraskuun puoliv\u00e4liss\u00e4 ratkesi, ett\u00e4 Saksan ennenaikaiset liittop\u00e4iv\u00e4vaalit pidet\u00e4\u00e4n 23.2.2025.<\/p>\n\n\n\n<figure class=\"wp-block-image size-full\"><img loading=\"lazy\" decoding=\"async\" width=\"1024\" height=\"1024\" src=\"https:\/\/www.polipolina.com\/wp-content\/uploads\/2024\/09\/DALL\u00b7E-2024-09-14-11.27.16-A-dark-comic-style-image-of-an-abandoned-East-German-factory-building.-The-factory-has-crumbling-walls-broken-windows-and-rusted-metal-structures.-.webp\" alt=\"It\u00e4-Saksa teollisuus\" class=\"wp-image-271\" srcset=\"https:\/\/www.polipolina.com\/wp-content\/uploads\/2024\/09\/DALL\u00b7E-2024-09-14-11.27.16-A-dark-comic-style-image-of-an-abandoned-East-German-factory-building.-The-factory-has-crumbling-walls-broken-windows-and-rusted-metal-structures.-.webp 1024w, https:\/\/www.polipolina.com\/wp-content\/uploads\/2024\/09\/DALL\u00b7E-2024-09-14-11.27.16-A-dark-comic-style-image-of-an-abandoned-East-German-factory-building.-The-factory-has-crumbling-walls-broken-windows-and-rusted-metal-structures.--300x300.webp 300w, https:\/\/www.polipolina.com\/wp-content\/uploads\/2024\/09\/DALL\u00b7E-2024-09-14-11.27.16-A-dark-comic-style-image-of-an-abandoned-East-German-factory-building.-The-factory-has-crumbling-walls-broken-windows-and-rusted-metal-structures.--150x150.webp 150w, https:\/\/www.polipolina.com\/wp-content\/uploads\/2024\/09\/DALL\u00b7E-2024-09-14-11.27.16-A-dark-comic-style-image-of-an-abandoned-East-German-factory-building.-The-factory-has-crumbling-walls-broken-windows-and-rusted-metal-structures.--768x768.webp 768w\" sizes=\"auto, (max-width: 1024px) 100vw, 1024px\" \/><\/figure>\n\n\n\n<h4 class=\"wp-block-heading\"><strong>AfD<\/strong>(Vaihtoehto Saksalle)<\/h4>\n\n\n\n<p>Sosiaalidemokraattien ja Kristillisdemokraattien valta-asema, jossa <strong>FDP<\/strong> ja <strong>Vihre\u00e4t<\/strong> toimivat apupuolueina heilutti ensimm\u00e4isen\u00e4 AfD. Puolue syntyi eurokriisin j\u00e4lkimainingeissa vuoden 2013 alussa. Ja se syntyi nimenomaan EU-kriittisen\u00e4 puolueena, jonka taustalla oli my\u00f6s vakavasti otettavia taloustietelij\u00f6it\u00e4. Vuoden 2013 liittop\u00e4iv\u00e4vaaleissa se sai viel\u00e4 maltillisen 4,7 prosentin \u00e4\u00e4nisaaliin eik\u00e4 saanut edustajia liittop\u00e4iville.<\/p>\n\n\n\n<p>Pian vuoden 2015 aikana puolue kehittyi kuitenkin vahvemmin maahanmuuttajavastaiseksi ja aidomman \u00e4\u00e4rioikeistolaiseksi. Ja 2017 liittop\u00e4iv\u00e4vaaleissa tuli  jo v\u00e4h\u00e4n isompi jytky kun se sai 12,6% \u00e4\u00e4nist\u00e4 ja ensimm\u00e4iset paikkansa liittop\u00e4iville. 2021 vaaleissa puolue kuitenkin menetti hieman kannatustaan kellottaen lukeman 10,3%.<\/p>\n\n\n\n<p>Viime vuosina AfD on ker\u00e4nnyt gallupeissa parhaimmillaan yli 20 prosentin kannatusta matalimmillaan se on ollut 15 prosentin tuntumassa. Afd on tietysti p\u00e4rj\u00e4nnyt korostetun hyvin id\u00e4ss\u00e4. Syyskuun 2024 osavaltiovaaleissa se sai Brandenburgissa 29,2 % \u00e4\u00e4nist\u00e4, Saksissa 30,6% \u00e4\u00e4nist\u00e4 ja Th\u00fcringeniss\u00e4 34.3% \u00e4\u00e4nist\u00e4. Viime vuonna Baijerissa se sai kuitenkin &#8221;vain&#8221; 14,5%. 2024 loppuvuodesta medissa huomiota on her\u00e4tt\u00e4nyt my\u00f6s <strong><a href=\"https:\/\/www.euronews.com\/2024\/12\/21\/elon-musk-sparks-controversy-in-germany-over-afd-endorsement\" data-type=\"link\" data-id=\"https:\/\/www.euronews.com\/2024\/12\/21\/elon-musk-sparks-controversy-in-germany-over-afd-endorsement\" target=\"_blank\" rel=\"noreferrer noopener\">Elon Muskin AfD-mieliset kannanotot<\/a><\/strong>.<\/p>\n\n\n\n<h4 class=\"wp-block-heading\"> <strong>BSW<\/strong>(B\u00fcndnis Sahra Wagenknecht)<\/h4>\n\n\n\n<p><strong><a href=\"https:\/\/www.polipolina.com\/index.php\/2024\/09\/15\/sahra-wagenknech-ja-bsw\/\" data-type=\"post\" data-id=\"191\">BSW<\/a><\/strong>(B\u00fcndnis Sahra Wagenknecht) on tuorein mahtitulokas Saksan poliittiselle kartalle. Puolue on nimetty pitk\u00e4n linjan laitavasemmistolaisen Sahra Wagenknechtin mukaan. <strong>Wagenknecht <\/strong>on todella kiistanalainen hahmo, joka on kuitenkin saavuttanut vahvan aseman It\u00e4-Saksan laitavasemmistossa. Wagenknecht oli aiemmin <strong>Vasemmistopuolueen<\/strong> (die Linke) k\u00e4rkihahmo, mutta h\u00e4n erosi puolueesta erimielisyyksien vuoksi, erityisesti Ukrainan sotaa koskevien kantojen takia. H\u00e4n on yksi Saksan n\u00e4kyvimmist\u00e4 Ukrainan aseavun kriitikoista ja katsoo, ett\u00e4 aseapu pitkitt\u00e4\u00e4 sotaa ja k\u00e4rsimyst\u00e4 Ukrainassa.<\/p>\n\n\n\n<p>Syyskuun 2024 osavaltiovaaleissa BSW sai 11,8% \u00e4\u00e4nist\u00e4 Saksissa, 13,5% Brandenburgissa ja 15,8% Th\u00fcringeniss\u00e4. Maanlaajuisissa gallupeissa puolueen kannatus on vuoden 2024 aikana vaihdellut 5-10 prosentin v\u00e4lill\u00e4.<\/p>\n\n\n\n<h4 class=\"wp-block-heading\">Muut puolueet<\/h4>\n\n\n\n<p>Perinteinen oikeistolainen mahtipuolue kristillisdemokraatit (CDU) on onnistunut pitm\u00e4\u00e4n kannatuksen hyv\u00e4ll\u00e4 tasolla ja se on 2024 gallupeissa kellottanut 30 prosentin lukemia. Perinteisell\u00e4 vasemmistolaisella mahtipuolue SDP:ll\u00e4 on mennyt heikommin ja sen kannatus on pudonnnut gallupeissa 15 prosentin tasolle. My\u00f6s oikeistoliberaalin apupuolueen FDP:n kannatus sek\u00e4 laitavasemmiston (Linke) perinteisen  on pudonnut 5 prosentin \u00e4\u00e4nikynnyksen alapuolelle. Vihreiden kannatus on laskenut huipuistaan, mutta on edelleen gallupeissa jatkuvasti yli 10 prosenttia.<\/p>\n\n\n\n<p><strong><a href=\"https:\/\/www.polipolina.com\/index.php\/saksan-osaltioiden-parlamentit\/\" data-type=\"page\" data-id=\"1264\">Eri puolueiden paikat Saksan osavaltioiden parlamenteissa<\/a><\/strong><\/p>\n\n\n\n<h3 class=\"wp-block-heading\">Saksan liittop\u00e4iv\u00e4vaalien gallup (Wikipedia)<\/h3>\n\n\n\n<figure class=\"wp-block-image size-large\"><img decoding=\"async\" src=\"https:\/\/upload.wikimedia.org\/wikipedia\/commons\/thumb\/3\/30\/Opinion_polls_Germany_2025.svg\/1350px-Opinion_polls_Germany_2025.svg.png\" alt=\"Saksan liittop\u00e4iv\u00e4vaalit gallup\"\/><\/figure>\n\n\n\n<p><\/p>\n","protected":false},"excerpt":{"rendered":"<p>Euroopan suurimmassa maassa Saksassa oli tarkoitus j\u00e4rjest\u00e4\u00e4 seuraavat parlamenttivaalit (liittop\u00e4iv\u00e4vaalit) 28. elokuuta 2025, mutta ne aikaistuivat p\u00e4iv\u00e4m\u00e4\u00e4r\u00e4lle 23.2.2025. Saksa on tosiaan mahtimaa mantereen keskell\u00e4, jonka&hellip;<\/p>\n","protected":false},"author":1,"featured_media":0,"parent":217,"menu_order":0,"comment_status":"closed","ping_status":"closed","template":"","meta":{"footnotes":""},"class_list":["post-219","page","type-page","status-publish","hentry"],"_links":{"self":[{"href":"https:\/\/www.polipolina.com\/index.php\/wp-json\/wp\/v2\/pages\/219","targetHints":{"allow":["GET"]}}],"collection":[{"href":"https:\/\/www.polipolina.com\/index.php\/wp-json\/wp\/v2\/pages"}],"about":[{"href":"https:\/\/www.polipolina.com\/index.php\/wp-json\/wp\/v2\/types\/page"}],"author":[{"embeddable":true,"href":"https:\/\/www.polipolina.com\/index.php\/wp-json\/wp\/v2\/users\/1"}],"replies":[{"embeddable":true,"href":"https:\/\/www.polipolina.com\/index.php\/wp-json\/wp\/v2\/comments?post=219"}],"version-history":[{"count":23,"href":"https:\/\/www.polipolina.com\/index.php\/wp-json\/wp\/v2\/pages\/219\/revisions"}],"predecessor-version":[{"id":1441,"href":"https:\/\/www.polipolina.com\/index.php\/wp-json\/wp\/v2\/pages\/219\/revisions\/1441"}],"up":[{"embeddable":true,"href":"https:\/\/www.polipolina.com\/index.php\/wp-json\/wp\/v2\/pages\/217"}],"wp:attachment":[{"href":"https:\/\/www.polipolina.com\/index.php\/wp-json\/wp\/v2\/media?parent=219"}],"curies":[{"name":"wp","href":"https:\/\/api.w.org\/{rel}","templated":true}]}}